{"id":7629,"date":"2023-08-01T10:42:25","date_gmt":"2023-08-01T08:42:25","guid":{"rendered":"https:\/\/comadi.es\/declaracio-daccessibilitat\/"},"modified":"2025-01-08T14:20:39","modified_gmt":"2025-01-08T13:20:39","slug":"declaracio-daccessibilitat","status":"publish","type":"page","link":"https:\/\/comadi.es\/ca\/declaracio-daccessibilitat\/","title":{"rendered":"Declaraci\u00f3 d&#8217;accessibilitat"},"content":{"rendered":"\t\t<div data-elementor-type=\"wp-page\" data-elementor-id=\"7629\" class=\"elementor elementor-7629 elementor-6309\" data-elementor-post-type=\"page\">\n\t\t\t\t\t\t<section class=\"elementor-section elementor-top-section elementor-element elementor-element-3ce6f57d techlon-column-stretched-none elementor-section-boxed elementor-section-height-default elementor-section-height-default\" data-id=\"3ce6f57d\" data-element_type=\"section\">\n\t\t\t\t\t\t<div class=\"elementor-container elementor-column-gap-default\">\n\t\t\t\t\t<div class=\"elementor-column elementor-col-100 elementor-top-column elementor-element elementor-element-66420170\" data-id=\"66420170\" data-element_type=\"column\">\n\t\t\t<div class=\"elementor-widget-wrap elementor-element-populated\">\n\t\t\t\t\t\t<div class=\"elementor-element elementor-element-5061aba elementor-widget elementor-widget-heading\" data-id=\"5061aba\" data-element_type=\"widget\" data-widget_type=\"heading.default\">\n\t\t\t\t<div class=\"elementor-widget-container\">\n\t\t\t\t\t<h1 class=\"elementor-heading-title elementor-size-default\">Declaraci\u00f3 d&#8217;accessibilitat<\/h1>\t\t\t\t<\/div>\n\t\t\t\t<\/div>\n\t\t\t\t<div class=\"elementor-element elementor-element-100bfba6 elementor-widget elementor-widget-text-editor\" data-id=\"100bfba6\" data-element_type=\"widget\" data-widget_type=\"text-editor.default\">\n\t\t\t\t<div class=\"elementor-widget-container\">\n\t\t\t\t\t\t\t\t\t<p>Comadi s&#8217;ha comprom\u00e8s a fer accessible el vostre lloc web, de conformitat amb el Reial Decret 1112\/2018, de 7 de setembre, sobre accessibilitat dels llocs web i aplicacions per a dispositius m\u00f2bils del sector p\u00fablic.<\/p>\n<p>Aquesta declaraci\u00f3 d&#8217;accessibilitat s&#8217;aplica al web https:\/\/dev.comadi.es.<\/p>\n<h2>Situaci\u00f3 de compliment<\/h2>\n<p>Aquest lloc web est\u00e0 desenvolupat d&#8217;acord amb el RD 1112\/2018.<\/p>\n<h2>Preparaci\u00f3 per a la seg\u00fcent declaraci\u00f3 d&#8217;accessibilitat<\/h2>\n<p>Aquesta declaraci\u00f3 va ser preparada el 31 de juliol de 2023.<\/p>\n<p>El m\u00e8tode emprat per preparar la declaraci\u00f3 ha estat una autoavaluaci\u00f3.<\/p>\n<h2>Observacions i dades de contacte<\/h2>\n<p>Podeu realitzar comunicacions sobre requisits d&#8217;accessibilitat (article 10.2.a del RD 1112\/2018) com ara:<\/p>\n<ul>\n<li>Informar sobre qualsevol possible incompliment per part daquest lloc web.<\/li>\n<li>Transmetre altres dificultats dacc\u00e9s al contingut.<\/li>\n<li>Formular qualsevol altra consulta o suggeriment de millora relativa a l&#8217;accessibilitat del lloc web<br \/> a trav\u00e9s del formulari de contacte d&#8217;aquest lloc web o mitjan\u00e7ant el n\u00famero de tel\u00e8fon 933 939 256.<\/li>\n<\/ul>\n<p>Podeu presentar:<\/p>\n<ul>\n<li>Queixa relativa al compliment dels requisits del RD 1112\/2018 o<\/li>\n<li>Sol\u00b7licitud d&#8217;informaci\u00f3 accessible relativa a:\n<ul>\n<li>Continguts que estan exclosos de l\u00e0mbit daplicaci\u00f3 del RD 1112\/2018 segons el que estableix larticle 3, apartat 4.<\/li>\n<li>Continguts que estan exempts del compliment dels requisits daccessibilitat per imposar una c\u00e0rrega desproporcionada.<\/li>\n<\/ul>\n<\/li>\n<\/ul>\n<p>A la sol\u00b7licitud d&#8217;informaci\u00f3 accessible, cal concretar, amb tota claredat, els fets, les raons i la petici\u00f3 que permetin constatar que es tracta d&#8217;una sol\u00b7licitud raonable i leg\u00edtima.<\/p>\n<p>Les queixes i reclamacions sobre informaci\u00f3 accessible es faran a trav\u00e9s de la seu electr\u00f2nica (https:\/\/sede.red.gob.es\/procedimientos\/quejas-y-sugerencias), i seran rebudes i tractades per l&#8217;\u00e0rea de Sistemes de la Informaci\u00f3 de Red.es.<\/p>\n<h2>Contingut opcional<\/h2>\n<p>Si voleu canviar la mida de lletra del text als principals navegadors gr\u00e0fics utilitzeu els men\u00fas seg\u00fcents:<\/p>\n<ul>\n<li>Internet Explorer, Mozilla i Firefox: Veure&gt; Grand\u00e0ria del text<\/li>\n<li>Opera: Veure&gt; Zoom<\/li>\n<li>Safari: Veure&gt; Fer el text m\u00e9s gran<\/li>\n<li>Chrome: Controla la p\u00e0gina actual&gt; Grand\u00e0ria del text<\/li>\n<li>Per modificar la mida de tot a la p\u00e0gina:\n<ul>\n<li>Ctrl + + per augmentar-lo (en Windows) \/\/ Cmd + + per augmentar-lo (en iOS)<\/li>\n<li>Ctrl + \u2013 per disminuir-lo (en Windows) \/\/ Cmd + &#8211; per augmentar-lo (en iOS)<\/li>\n<li>Ctrl + 0 restaura la mida original del text (en Windows) \/\/ Cmd + o per augmentar-lo (en iOS)<\/li>\n<li>Si el que voleu \u00e9s anul\u00b7lar el full d&#8217;estils o modificar el color del text, podeu consultar la p\u00e0gina How to Change Text Size o Colors de la WAI, que es pot llegir tradu\u00eft a l&#8217;espanyol a Com canviar la mida del text o colors?<\/li>\n<\/ul>\n<\/li>\n<\/ul>\n\t\t\t\t\t\t\t\t<\/div>\n\t\t\t\t<\/div>\n\t\t\t\t\t<\/div>\n\t\t<\/div>\n\t\t\t\t\t<\/div>\n\t\t<\/section>\n\t\t\t\t<\/div>\n\t\t","protected":false},"excerpt":{"rendered":"<p>Comadi s&#8217;ha comprom\u00e8s a fer accessible el vostre lloc web, de conformitat amb el Reial Decret 1112\/2018, de 7 de setembre, sobre accessibilitat dels llocs web i aplicacions per a dispositius m\u00f2bils del sector p\u00fablic. Aquesta declaraci\u00f3 d&#8217;accessibilitat s&#8217;aplica al web https:\/\/dev.comadi.es. Situaci\u00f3 de compliment Aquest lloc web est\u00e0 desenvolupat d&#8217;acord amb el RD 1112\/2018. [&hellip;]<\/p>\n","protected":false},"author":12,"featured_media":0,"parent":0,"menu_order":0,"comment_status":"closed","ping_status":"closed","template":"elementor_header_footer","meta":{"_acf_changed":false,"inline_featured_image":false,"footnotes":""},"class_list":["post-7629","page","type-page","status-publish","hentry"],"acf":[],"yoast_head":"<!-- This site is optimized with the Yoast SEO plugin v26.9 - https:\/\/yoast.com\/product\/yoast-seo-wordpress\/ -->\n<title>Declaraci\u00f3 d&#039;accessibilitat - Comadi Telemarketing<\/title>\n<meta name=\"robots\" content=\"noindex, follow\" \/>\n<meta property=\"og:locale\" content=\"ca_ES\" \/>\n<meta property=\"og:type\" content=\"article\" \/>\n<meta property=\"og:title\" content=\"Declaraci\u00f3 d&#039;accessibilitat - Comadi Telemarketing\" \/>\n<meta property=\"og:description\" content=\"Comadi s&#8217;ha comprom\u00e8s a fer accessible el vostre lloc web, de conformitat amb el Reial Decret 1112\/2018, de 7 de setembre, sobre accessibilitat dels llocs web i aplicacions per a dispositius m\u00f2bils del sector p\u00fablic. Aquesta declaraci\u00f3 d&#8217;accessibilitat s&#8217;aplica al web https:\/\/dev.comadi.es. Situaci\u00f3 de compliment Aquest lloc web est\u00e0 desenvolupat d&#8217;acord amb el RD 1112\/2018. [&hellip;]\" \/>\n<meta property=\"og:url\" content=\"https:\/\/comadi.es\/ca\/declaracio-daccessibilitat\/\" \/>\n<meta property=\"og:site_name\" content=\"Comadi Telemarketing\" \/>\n<meta property=\"article:modified_time\" content=\"2025-01-08T13:20:39+00:00\" \/>\n<meta name=\"twitter:card\" content=\"summary_large_image\" \/>\n<meta name=\"twitter:label1\" content=\"Temps estimat de lectura\" \/>\n\t<meta name=\"twitter:data1\" content=\"2 minuts\" \/>\n<script type=\"application\/ld+json\" class=\"yoast-schema-graph\">{\"@context\":\"https:\/\/schema.org\",\"@graph\":[{\"@type\":\"WebPage\",\"@id\":\"https:\/\/comadi.es\/ca\/declaracio-daccessibilitat\/\",\"url\":\"https:\/\/comadi.es\/ca\/declaracio-daccessibilitat\/\",\"name\":\"Declaraci\u00f3 d'accessibilitat - Comadi Telemarketing\",\"isPartOf\":{\"@id\":\"https:\/\/comadi.es\/ca\/#website\"},\"datePublished\":\"2023-08-01T08:42:25+00:00\",\"dateModified\":\"2025-01-08T13:20:39+00:00\",\"breadcrumb\":{\"@id\":\"https:\/\/comadi.es\/ca\/declaracio-daccessibilitat\/#breadcrumb\"},\"inLanguage\":\"ca\",\"potentialAction\":[{\"@type\":\"ReadAction\",\"target\":[\"https:\/\/comadi.es\/ca\/declaracio-daccessibilitat\/\"]}]},{\"@type\":\"BreadcrumbList\",\"@id\":\"https:\/\/comadi.es\/ca\/declaracio-daccessibilitat\/#breadcrumb\",\"itemListElement\":[{\"@type\":\"ListItem\",\"position\":1,\"name\":\"Portada\",\"item\":\"https:\/\/comadi.es\/ca\/comadi\/\"},{\"@type\":\"ListItem\",\"position\":2,\"name\":\"Declaraci\u00f3 d&#8217;accessibilitat\"}]},{\"@type\":\"WebSite\",\"@id\":\"https:\/\/comadi.es\/ca\/#website\",\"url\":\"https:\/\/comadi.es\/ca\/\",\"name\":\"Comadi Telemarketing\",\"description\":\"Servicios de telemarketing y contact center para empresas\",\"publisher\":{\"@id\":\"https:\/\/comadi.es\/ca\/#organization\"},\"potentialAction\":[{\"@type\":\"SearchAction\",\"target\":{\"@type\":\"EntryPoint\",\"urlTemplate\":\"https:\/\/comadi.es\/ca\/?s={search_term_string}\"},\"query-input\":{\"@type\":\"PropertyValueSpecification\",\"valueRequired\":true,\"valueName\":\"search_term_string\"}}],\"inLanguage\":\"ca\"},{\"@type\":\"Organization\",\"@id\":\"https:\/\/comadi.es\/ca\/#organization\",\"name\":\"Comadi Telemarketing\",\"url\":\"https:\/\/comadi.es\/ca\/\",\"logo\":{\"@type\":\"ImageObject\",\"inLanguage\":\"ca\",\"@id\":\"https:\/\/comadi.es\/ca\/#\/schema\/logo\/image\/\",\"url\":\"https:\/\/comadi.es\/wp-content\/uploads\/2023\/06\/COMADI-logo-horizontal-01.png\",\"contentUrl\":\"https:\/\/comadi.es\/wp-content\/uploads\/2023\/06\/COMADI-logo-horizontal-01.png\",\"width\":1693,\"height\":443,\"caption\":\"Comadi Telemarketing\"},\"image\":{\"@id\":\"https:\/\/comadi.es\/ca\/#\/schema\/logo\/image\/\"}}]}<\/script>\n<!-- \/ Yoast SEO plugin. -->","yoast_head_json":{"title":"Declaraci\u00f3 d'accessibilitat - Comadi Telemarketing","robots":{"index":"noindex","follow":"follow"},"og_locale":"ca_ES","og_type":"article","og_title":"Declaraci\u00f3 d'accessibilitat - Comadi Telemarketing","og_description":"Comadi s&#8217;ha comprom\u00e8s a fer accessible el vostre lloc web, de conformitat amb el Reial Decret 1112\/2018, de 7 de setembre, sobre accessibilitat dels llocs web i aplicacions per a dispositius m\u00f2bils del sector p\u00fablic. Aquesta declaraci\u00f3 d&#8217;accessibilitat s&#8217;aplica al web https:\/\/dev.comadi.es. Situaci\u00f3 de compliment Aquest lloc web est\u00e0 desenvolupat d&#8217;acord amb el RD 1112\/2018. [&hellip;]","og_url":"https:\/\/comadi.es\/ca\/declaracio-daccessibilitat\/","og_site_name":"Comadi Telemarketing","article_modified_time":"2025-01-08T13:20:39+00:00","twitter_card":"summary_large_image","twitter_misc":{"Temps estimat de lectura":"2 minuts"},"schema":{"@context":"https:\/\/schema.org","@graph":[{"@type":"WebPage","@id":"https:\/\/comadi.es\/ca\/declaracio-daccessibilitat\/","url":"https:\/\/comadi.es\/ca\/declaracio-daccessibilitat\/","name":"Declaraci\u00f3 d'accessibilitat - Comadi Telemarketing","isPartOf":{"@id":"https:\/\/comadi.es\/ca\/#website"},"datePublished":"2023-08-01T08:42:25+00:00","dateModified":"2025-01-08T13:20:39+00:00","breadcrumb":{"@id":"https:\/\/comadi.es\/ca\/declaracio-daccessibilitat\/#breadcrumb"},"inLanguage":"ca","potentialAction":[{"@type":"ReadAction","target":["https:\/\/comadi.es\/ca\/declaracio-daccessibilitat\/"]}]},{"@type":"BreadcrumbList","@id":"https:\/\/comadi.es\/ca\/declaracio-daccessibilitat\/#breadcrumb","itemListElement":[{"@type":"ListItem","position":1,"name":"Portada","item":"https:\/\/comadi.es\/ca\/comadi\/"},{"@type":"ListItem","position":2,"name":"Declaraci\u00f3 d&#8217;accessibilitat"}]},{"@type":"WebSite","@id":"https:\/\/comadi.es\/ca\/#website","url":"https:\/\/comadi.es\/ca\/","name":"Comadi Telemarketing","description":"Servicios de telemarketing y contact center para empresas","publisher":{"@id":"https:\/\/comadi.es\/ca\/#organization"},"potentialAction":[{"@type":"SearchAction","target":{"@type":"EntryPoint","urlTemplate":"https:\/\/comadi.es\/ca\/?s={search_term_string}"},"query-input":{"@type":"PropertyValueSpecification","valueRequired":true,"valueName":"search_term_string"}}],"inLanguage":"ca"},{"@type":"Organization","@id":"https:\/\/comadi.es\/ca\/#organization","name":"Comadi Telemarketing","url":"https:\/\/comadi.es\/ca\/","logo":{"@type":"ImageObject","inLanguage":"ca","@id":"https:\/\/comadi.es\/ca\/#\/schema\/logo\/image\/","url":"https:\/\/comadi.es\/wp-content\/uploads\/2023\/06\/COMADI-logo-horizontal-01.png","contentUrl":"https:\/\/comadi.es\/wp-content\/uploads\/2023\/06\/COMADI-logo-horizontal-01.png","width":1693,"height":443,"caption":"Comadi Telemarketing"},"image":{"@id":"https:\/\/comadi.es\/ca\/#\/schema\/logo\/image\/"}}]}},"_links":{"self":[{"href":"https:\/\/comadi.es\/ca\/wp-json\/wp\/v2\/pages\/7629","targetHints":{"allow":["GET"]}}],"collection":[{"href":"https:\/\/comadi.es\/ca\/wp-json\/wp\/v2\/pages"}],"about":[{"href":"https:\/\/comadi.es\/ca\/wp-json\/wp\/v2\/types\/page"}],"author":[{"embeddable":true,"href":"https:\/\/comadi.es\/ca\/wp-json\/wp\/v2\/users\/12"}],"replies":[{"embeddable":true,"href":"https:\/\/comadi.es\/ca\/wp-json\/wp\/v2\/comments?post=7629"}],"version-history":[{"count":1,"href":"https:\/\/comadi.es\/ca\/wp-json\/wp\/v2\/pages\/7629\/revisions"}],"predecessor-version":[{"id":7630,"href":"https:\/\/comadi.es\/ca\/wp-json\/wp\/v2\/pages\/7629\/revisions\/7630"}],"wp:attachment":[{"href":"https:\/\/comadi.es\/ca\/wp-json\/wp\/v2\/media?parent=7629"}],"curies":[{"name":"wp","href":"https:\/\/api.w.org\/{rel}","templated":true}]}}